{"id":8732,"date":"2022-05-02T17:29:23","date_gmt":"2022-05-02T17:29:23","guid":{"rendered":"https:\/\/novo.colegiodafonte.pt\/team\/rui-goncalves\/"},"modified":"2025-01-23T20:01:04","modified_gmt":"2025-01-23T20:01:04","slug":"rui-goncalves","status":"publish","type":"page","link":"https:\/\/colegiocatarinabraganca.pt\/en\/team\/rui-goncalves\/","title":{"rendered":"Marta Todo Bom"},"content":{"rendered":"<p>[et_pb_section fb_built=&#8221;1&#8243; admin_label=&#8221;Title section&#8221; _builder_version=&#8221;4.27.4&#8243; background_color=&#8221;#EFCBC9&#8243; custom_margin=&#8221;||||false|false&#8221; custom_margin_tablet=&#8221;&#8221; custom_margin_phone=&#8221;0px|0px|0px|0px&#8221; custom_margin_last_edited=&#8221;on|desktop&#8221; custom_padding=&#8221;160px||10px||false|false&#8221; hover_enabled=&#8221;0&#8243; collapsed=&#8221;off&#8221; global_colors_info=&#8221;{}&#8221; sticky_enabled=&#8221;0&#8243;][et_pb_row column_structure=&#8221;2_5,3_5&#8243; _builder_version=&#8221;4.16&#8243; _module_preset=&#8221;default&#8221; global_colors_info=&#8221;{}&#8221;][et_pb_column type=&#8221;2_5&#8243; _builder_version=&#8221;4.16&#8243; _module_preset=&#8221;default&#8221; global_colors_info=&#8221;{}&#8221;][et_pb_image src=&#8221;https:\/\/colegiocatarinabraganca.pt\/wp-content\/uploads\/2025\/01\/staff-CB-detail-600px_0002_Marta-Todo-Bom.png&#8221; title_text=&#8221;staff-CB-detail-600px_0002_Marta-Todo-Bom&#8221; module_class=&#8221;profile-pic&#8221; _builder_version=&#8221;4.27.4&#8243; _module_preset=&#8221;default&#8221; global_colors_info=&#8221;{}&#8221;][\/et_pb_image][\/et_pb_column][et_pb_column type=&#8221;3_5&#8243; _builder_version=&#8221;4.16&#8243; _module_preset=&#8221;default&#8221; global_colors_info=&#8221;{}&#8221;][et_pb_text admin_label=&#8221;underline title h2&#8243; module_class=&#8221;underline-title&#8221; _builder_version=&#8221;4.27.4&#8243; text_font=&#8221;||||||||&#8221; header_font=&#8221;||||||||&#8221; header_2_font=&#8221;Bungee|||on|||||&#8221; header_2_text_align=&#8221;left&#8221; header_2_font_size=&#8221;30px&#8221; header_2_letter_spacing=&#8221;4px&#8221; module_alignment=&#8221;center&#8221; custom_margin=&#8221;||10px|&#8221; custom_padding=&#8221;||||false|false&#8221; animation_style=&#8221;fade&#8221; global_colors_info=&#8221;{}&#8221;]<\/p>\n<h2>Marta Todo Bom<\/h2>\n<p>[\/et_pb_text][et_pb_text admin_label=&#8221;Job title&#8221; _builder_version=&#8221;4.27.4&#8243; _module_preset=&#8221;default&#8221; text_font=&#8221;||||||||&#8221; text_text_color=&#8221;#68665f&#8221; text_font_size=&#8221;17px&#8221; text_line_height=&#8221;1.9em&#8221; global_colors_info=&#8221;{}&#8221;]<\/p>\n<p>Pedagogical Director<\/p>\n<p>[\/et_pb_text][et_pb_icon font_icon=&#8221;&#xf0e0;||fa||400&#8243; icon_color=&#8221;#2E2E2D&#8221; icon_width=&#8221;20px&#8221; url=&#8221;mailto:martatodobom@colegiocatarinabraganca.com&#8221; align=&#8221;left&#8221; admin_label=&#8221;Email icon&#8221; _builder_version=&#8221;4.27.4&#8243; _module_preset=&#8221;default&#8221; custom_margin=&#8221;|15px|||false|false&#8221; custom_css_main_element=&#8221;display: inline-block;&#8221; global_colors_info=&#8221;{}&#8221; icon_color__hover_enabled=&#8221;on|desktop&#8221; icon_color__hover=&#8221;#165183&#8243;][\/et_pb_icon][et_pb_icon font_icon=&#8221;&#xe09d;||divi||400&#8243; icon_color=&#8221;#2E2E2D&#8221; icon_width=&#8221;20px&#8221; align=&#8221;left&#8221; disabled_on=&#8221;on|on|on&#8221; admin_label=&#8221;Linkedin icon&#8221; _builder_version=&#8221;4.19.4&#8243; _module_preset=&#8221;default&#8221; custom_css_main_element=&#8221;display: inline-block;&#8221; disabled=&#8221;on&#8221; global_colors_info=&#8221;{}&#8221; icon_color__hover_enabled=&#8221;on|desktop&#8221; icon_color__hover=&#8221;#165183&#8243;][\/et_pb_icon][et_pb_text admin_label=&#8221;Job description&#8221; _builder_version=&#8221;4.27.4&#8243; text_font=&#8221;||||||||&#8221; text_text_color=&#8221;#282828&#8243; header_font=&#8221;||||||||&#8221; header_text_align=&#8221;left&#8221; header_text_color=&#8221;#282828&#8243; header_2_font=&#8221;Bungee|||on|||||&#8221; header_2_text_align=&#8221;left&#8221; header_2_text_color=&#8221;#282828&#8243; header_2_font_size=&#8221;30px&#8221; header_2_letter_spacing=&#8221;1px&#8221; header_2_line_height=&#8221;1.9rem&#8221; header_3_font=&#8221;Bungee||||||||&#8221; header_3_text_color=&#8221;#282828&#8243; header_3_font_size=&#8221;20px&#8221; header_5_font=&#8221;|||on|||||&#8221; header_5_text_align=&#8221;left&#8221; header_5_text_color=&#8221;#000000&#8243; header_5_font_size=&#8221;14px&#8221; width=&#8221;80%&#8221; width_tablet=&#8221;80%&#8221; width_phone=&#8221;90%&#8221; width_last_edited=&#8221;on|phone&#8221; module_alignment=&#8221;left&#8221; custom_margin=&#8221;30px||10px||false|false&#8221; custom_padding=&#8221;||||false|false&#8221; animation_style=&#8221;fade&#8221; global_colors_info=&#8221;{}&#8221;]<\/p>\n<h3>Job Role<\/h3>\n<p>She is the Pedagogical Director of Col\u00e9gio Catarina de Bragan\u00e7a. She is also responsible for the Nursery and Preschool, and she is also part of the Pedagogical Board. [\/et_pb_text][et_pb_text admin_label=&#8221;Curriculum&#8221; _builder_version=&#8221;4.27.4&#8243; text_font=&#8221;||||||||&#8221; text_text_color=&#8221;#282828&#8243; header_font=&#8221;||||||||&#8221; header_text_align=&#8221;left&#8221; header_text_color=&#8221;#282828&#8243; header_2_font=&#8221;Bungee|||on|||||&#8221; header_2_text_align=&#8221;left&#8221; header_2_text_color=&#8221;#282828&#8243; header_2_font_size=&#8221;30px&#8221; header_2_letter_spacing=&#8221;1px&#8221; header_2_line_height=&#8221;1.9rem&#8221; header_3_font=&#8221;Bungee||||||||&#8221; header_3_text_color=&#8221;#282828&#8243; header_3_font_size=&#8221;20px&#8221; header_5_font=&#8221;|||on|||||&#8221; header_5_text_align=&#8221;left&#8221; header_5_text_color=&#8221;#000000&#8243; header_5_font_size=&#8221;14px&#8221; width=&#8221;80%&#8221; width_tablet=&#8221;80%&#8221; width_phone=&#8221;90%&#8221; width_last_edited=&#8221;on|phone&#8221; module_alignment=&#8221;left&#8221; custom_margin=&#8221;30px||10px||false|false&#8221; custom_padding=&#8221;||||false|false&#8221; animation_style=&#8221;fade&#8221; global_colors_info=&#8221;{}&#8221; width__hover_enabled=&#8221;on|desktop&#8221; width__hover=&#8221;80%&#8221;]<\/p>\n<h3>Curriculum<\/h3>\n<p>She has a degree in Early Childhood and Primary Education from the Escola Superior de Educa\u00e7\u00e3o Maria Ulrich, she joined Col\u00e9gio Catarina de Bragan\u00e7a in 2002, for a work placement, and began her career as an early childhood teacher in 2005. Since 2010, she has been responsible for the pedagogical coordination of Preschool and, in the same year, the Nursery. Between 2010 and 2019, she became the pedagogical coordinator for both areas, playing a central role in the development of the school&#8217;s educational practices. She has qualifications and certifications in the areas of the Modern School Movement and the Reggio Emilia Approach, which she implements at the school. She is also a certified instructor, providing training to school teams. Her commitment to education extends to volunteering, where she trains adults in the areas of positive parenting and parent training, reflecting her dedication to promoting educational practices that value children, families, and educators.[\/et_pb_text][et_pb_text admin_label=&#8221;Personal note&#8221; _builder_version=&#8221;4.27.4&#8243; text_font=&#8221;||||||||&#8221; text_text_color=&#8221;#282828&#8243; header_font=&#8221;||||||||&#8221; header_text_align=&#8221;left&#8221; header_text_color=&#8221;#282828&#8243; header_2_font=&#8221;Bungee|||on|||||&#8221; header_2_text_align=&#8221;left&#8221; header_2_text_color=&#8221;#282828&#8243; header_2_font_size=&#8221;30px&#8221; header_2_letter_spacing=&#8221;1px&#8221; header_2_line_height=&#8221;1.9rem&#8221; header_3_font=&#8221;Bungee||||||||&#8221; header_3_text_color=&#8221;#282828&#8243; header_3_font_size=&#8221;20px&#8221; header_5_font=&#8221;|||on|||||&#8221; header_5_text_align=&#8221;left&#8221; header_5_text_color=&#8221;#000000&#8243; header_5_font_size=&#8221;14px&#8221; width=&#8221;80%&#8221; width_tablet=&#8221;80%&#8221; width_phone=&#8221;90%&#8221; width_last_edited=&#8221;on|phone&#8221; module_alignment=&#8221;left&#8221; custom_margin=&#8221;30px||40px||false|false&#8221; custom_padding=&#8221;||||false|false&#8221; animation_style=&#8221;fade&#8221; global_colors_info=&#8221;{}&#8221;]<\/p>\n<h3>Personal note<\/h3>\n<p>Education is her mission, and she is passionate about exploring innovative processes of child development and learning. She is dedicated in creating unique environments and integrates her research into teaching practices with the team. She loves travelling, visiting beaches, dancing, fashion, reading and spending time with friends and family.  [\/et_pb_text][\/et_pb_column][\/et_pb_row][\/et_pb_section]<\/p>\n","protected":false},"excerpt":{"rendered":"<p>Marta Todo BomPedagogical DirectorJob Role She is the Pedagogical Director of Col\u00e9gio Catarina de Bragan\u00e7a. She is also responsible for the Nursery and Preschool, and she is also part of the Pedagogical Board. Curriculum She has a degree in Early Childhood and Primary Education from the Escola Superior de Educa\u00e7\u00e3o Maria Ulrich, she joined Col\u00e9gio [&hellip;]<\/p>\n","protected":false},"author":3,"featured_media":0,"parent":8722,"menu_order":0,"comment_status":"closed","ping_status":"closed","template":"","meta":{"_acf_changed":false,"_et_pb_use_builder":"on","_et_pb_old_content":"","_et_gb_content_width":"","footnotes":""},"class_list":["post-8732","page","type-page","status-publish","hentry"],"acf":[],"yoast_head":"<!-- This site is optimized with the Yoast SEO plugin v26.9 - https:\/\/yoast.com\/product\/yoast-seo-wordpress\/ -->\n<title>Marta Todo Bom - Col\u00e9gio Catarina de Bragan\u00e7a<\/title>\n<meta name=\"robots\" content=\"index, follow, max-snippet:-1, max-image-preview:large, max-video-preview:-1\" \/>\n<link rel=\"canonical\" href=\"https:\/\/colegiocatarinabraganca.pt\/en\/team\/rui-goncalves\/\" \/>\n<meta property=\"og:locale\" content=\"en_US\" \/>\n<meta property=\"og:type\" content=\"article\" \/>\n<meta property=\"og:title\" content=\"Marta Todo Bom - Col\u00e9gio Catarina de Bragan\u00e7a\" \/>\n<meta property=\"og:description\" content=\"Marta Todo BomPedagogical DirectorJob Role She is the Pedagogical Director of Col\u00e9gio Catarina de Bragan\u00e7a. She is also responsible for the Nursery and Preschool, and she is also part of the Pedagogical Board. Curriculum She has a degree in Early Childhood and Primary Education from the Escola Superior de Educa\u00e7\u00e3o Maria Ulrich, she joined Col\u00e9gio [&hellip;]\" \/>\n<meta property=\"og:site_name\" content=\"Col\u00e9gio Catarina de Bragan\u00e7a\" \/>\n<meta property=\"article:publisher\" content=\"https:\/\/www.facebook.com\/p\/Colgio-Catarina-Bragana-100063812852547\/?locale=pt_PT\" \/>\n<meta property=\"article:modified_time\" content=\"2025-01-23T20:01:04+00:00\" \/>\n<meta name=\"twitter:card\" content=\"summary_large_image\" \/>\n<meta name=\"twitter:label1\" content=\"Est. reading time\" \/>\n\t<meta name=\"twitter:data1\" content=\"4 minutes\" \/>\n<script type=\"application\/ld+json\" class=\"yoast-schema-graph\">{\"@context\":\"https:\/\/schema.org\",\"@graph\":[{\"@type\":\"WebPage\",\"@id\":\"https:\/\/colegiocatarinabraganca.pt\/en\/team\/rui-goncalves\/\",\"url\":\"https:\/\/colegiocatarinabraganca.pt\/en\/team\/rui-goncalves\/\",\"name\":\"Marta Todo Bom - Col\u00e9gio Catarina de Bragan\u00e7a\",\"isPartOf\":{\"@id\":\"https:\/\/colegiocatarinabraganca.pt\/#website\"},\"datePublished\":\"2022-05-02T17:29:23+00:00\",\"dateModified\":\"2025-01-23T20:01:04+00:00\",\"breadcrumb\":{\"@id\":\"https:\/\/colegiocatarinabraganca.pt\/en\/team\/rui-goncalves\/#breadcrumb\"},\"inLanguage\":\"en-US\",\"potentialAction\":[{\"@type\":\"ReadAction\",\"target\":[\"https:\/\/colegiocatarinabraganca.pt\/en\/team\/rui-goncalves\/\"]}]},{\"@type\":\"BreadcrumbList\",\"@id\":\"https:\/\/colegiocatarinabraganca.pt\/en\/team\/rui-goncalves\/#breadcrumb\",\"itemListElement\":[{\"@type\":\"ListItem\",\"position\":1,\"name\":\"Home\",\"item\":\"https:\/\/colegiocatarinabraganca.pt\/en\/home\/\"},{\"@type\":\"ListItem\",\"position\":2,\"name\":\"Our Team\",\"item\":\"https:\/\/colegiocatarinabraganca.pt\/en\/team\/\"},{\"@type\":\"ListItem\",\"position\":3,\"name\":\"Marta Todo Bom\"}]},{\"@type\":\"WebSite\",\"@id\":\"https:\/\/colegiocatarinabraganca.pt\/#website\",\"url\":\"https:\/\/colegiocatarinabraganca.pt\/\",\"name\":\"Col\u00e9gio Catarina de Bragan\u00e7a\",\"description\":\"Juntos mudamos o Mundo\",\"publisher\":{\"@id\":\"https:\/\/colegiocatarinabraganca.pt\/#organization\"},\"potentialAction\":[{\"@type\":\"SearchAction\",\"target\":{\"@type\":\"EntryPoint\",\"urlTemplate\":\"https:\/\/colegiocatarinabraganca.pt\/?s={search_term_string}\"},\"query-input\":{\"@type\":\"PropertyValueSpecification\",\"valueRequired\":true,\"valueName\":\"search_term_string\"}}],\"inLanguage\":\"en-US\"},{\"@type\":\"Organization\",\"@id\":\"https:\/\/colegiocatarinabraganca.pt\/#organization\",\"name\":\"Col\u00e9gio Catarina de Bragan\u00e7a\",\"url\":\"https:\/\/colegiocatarinabraganca.pt\/\",\"logo\":{\"@type\":\"ImageObject\",\"inLanguage\":\"en-US\",\"@id\":\"https:\/\/colegiocatarinabraganca.pt\/#\/schema\/logo\/image\/\",\"url\":\"https:\/\/colegiocatarinabraganca.pt\/wp-content\/uploads\/2025\/01\/cropped-catarinabragancaicon-1.png\",\"contentUrl\":\"https:\/\/colegiocatarinabraganca.pt\/wp-content\/uploads\/2025\/01\/cropped-catarinabragancaicon-1.png\",\"width\":512,\"height\":512,\"caption\":\"Col\u00e9gio Catarina de Bragan\u00e7a\"},\"image\":{\"@id\":\"https:\/\/colegiocatarinabraganca.pt\/#\/schema\/logo\/image\/\"},\"sameAs\":[\"https:\/\/www.facebook.com\/p\/Colgio-Catarina-Bragana-100063812852547\/?locale=pt_PT\",\"https:\/\/www.instagram.com\/colegio_catarina_de_braganca\/\"]}]}<\/script>\n<!-- \/ Yoast SEO plugin. -->","yoast_head_json":{"title":"Marta Todo Bom - Col\u00e9gio Catarina de Bragan\u00e7a","robots":{"index":"index","follow":"follow","max-snippet":"max-snippet:-1","max-image-preview":"max-image-preview:large","max-video-preview":"max-video-preview:-1"},"canonical":"https:\/\/colegiocatarinabraganca.pt\/en\/team\/rui-goncalves\/","og_locale":"en_US","og_type":"article","og_title":"Marta Todo Bom - Col\u00e9gio Catarina de Bragan\u00e7a","og_description":"Marta Todo BomPedagogical DirectorJob Role She is the Pedagogical Director of Col\u00e9gio Catarina de Bragan\u00e7a. She is also responsible for the Nursery and Preschool, and she is also part of the Pedagogical Board. Curriculum She has a degree in Early Childhood and Primary Education from the Escola Superior de Educa\u00e7\u00e3o Maria Ulrich, she joined Col\u00e9gio [&hellip;]","og_site_name":"Col\u00e9gio Catarina de Bragan\u00e7a","article_publisher":"https:\/\/www.facebook.com\/p\/Colgio-Catarina-Bragana-100063812852547\/?locale=pt_PT","article_modified_time":"2025-01-23T20:01:04+00:00","twitter_card":"summary_large_image","twitter_misc":{"Est. reading time":"4 minutes"},"schema":{"@context":"https:\/\/schema.org","@graph":[{"@type":"WebPage","@id":"https:\/\/colegiocatarinabraganca.pt\/en\/team\/rui-goncalves\/","url":"https:\/\/colegiocatarinabraganca.pt\/en\/team\/rui-goncalves\/","name":"Marta Todo Bom - Col\u00e9gio Catarina de Bragan\u00e7a","isPartOf":{"@id":"https:\/\/colegiocatarinabraganca.pt\/#website"},"datePublished":"2022-05-02T17:29:23+00:00","dateModified":"2025-01-23T20:01:04+00:00","breadcrumb":{"@id":"https:\/\/colegiocatarinabraganca.pt\/en\/team\/rui-goncalves\/#breadcrumb"},"inLanguage":"en-US","potentialAction":[{"@type":"ReadAction","target":["https:\/\/colegiocatarinabraganca.pt\/en\/team\/rui-goncalves\/"]}]},{"@type":"BreadcrumbList","@id":"https:\/\/colegiocatarinabraganca.pt\/en\/team\/rui-goncalves\/#breadcrumb","itemListElement":[{"@type":"ListItem","position":1,"name":"Home","item":"https:\/\/colegiocatarinabraganca.pt\/en\/home\/"},{"@type":"ListItem","position":2,"name":"Our Team","item":"https:\/\/colegiocatarinabraganca.pt\/en\/team\/"},{"@type":"ListItem","position":3,"name":"Marta Todo Bom"}]},{"@type":"WebSite","@id":"https:\/\/colegiocatarinabraganca.pt\/#website","url":"https:\/\/colegiocatarinabraganca.pt\/","name":"Col\u00e9gio Catarina de Bragan\u00e7a","description":"Juntos mudamos o Mundo","publisher":{"@id":"https:\/\/colegiocatarinabraganca.pt\/#organization"},"potentialAction":[{"@type":"SearchAction","target":{"@type":"EntryPoint","urlTemplate":"https:\/\/colegiocatarinabraganca.pt\/?s={search_term_string}"},"query-input":{"@type":"PropertyValueSpecification","valueRequired":true,"valueName":"search_term_string"}}],"inLanguage":"en-US"},{"@type":"Organization","@id":"https:\/\/colegiocatarinabraganca.pt\/#organization","name":"Col\u00e9gio Catarina de Bragan\u00e7a","url":"https:\/\/colegiocatarinabraganca.pt\/","logo":{"@type":"ImageObject","inLanguage":"en-US","@id":"https:\/\/colegiocatarinabraganca.pt\/#\/schema\/logo\/image\/","url":"https:\/\/colegiocatarinabraganca.pt\/wp-content\/uploads\/2025\/01\/cropped-catarinabragancaicon-1.png","contentUrl":"https:\/\/colegiocatarinabraganca.pt\/wp-content\/uploads\/2025\/01\/cropped-catarinabragancaicon-1.png","width":512,"height":512,"caption":"Col\u00e9gio Catarina de Bragan\u00e7a"},"image":{"@id":"https:\/\/colegiocatarinabraganca.pt\/#\/schema\/logo\/image\/"},"sameAs":["https:\/\/www.facebook.com\/p\/Colgio-Catarina-Bragana-100063812852547\/?locale=pt_PT","https:\/\/www.instagram.com\/colegio_catarina_de_braganca\/"]}]}},"_links":{"self":[{"href":"https:\/\/colegiocatarinabraganca.pt\/en\/wp-json\/wp\/v2\/pages\/8732","targetHints":{"allow":["GET"]}}],"collection":[{"href":"https:\/\/colegiocatarinabraganca.pt\/en\/wp-json\/wp\/v2\/pages"}],"about":[{"href":"https:\/\/colegiocatarinabraganca.pt\/en\/wp-json\/wp\/v2\/types\/page"}],"author":[{"embeddable":true,"href":"https:\/\/colegiocatarinabraganca.pt\/en\/wp-json\/wp\/v2\/users\/3"}],"replies":[{"embeddable":true,"href":"https:\/\/colegiocatarinabraganca.pt\/en\/wp-json\/wp\/v2\/comments?post=8732"}],"version-history":[{"count":29,"href":"https:\/\/colegiocatarinabraganca.pt\/en\/wp-json\/wp\/v2\/pages\/8732\/revisions"}],"predecessor-version":[{"id":12719,"href":"https:\/\/colegiocatarinabraganca.pt\/en\/wp-json\/wp\/v2\/pages\/8732\/revisions\/12719"}],"up":[{"embeddable":true,"href":"https:\/\/colegiocatarinabraganca.pt\/en\/wp-json\/wp\/v2\/pages\/8722"}],"wp:attachment":[{"href":"https:\/\/colegiocatarinabraganca.pt\/en\/wp-json\/wp\/v2\/media?parent=8732"}],"curies":[{"name":"wp","href":"https:\/\/api.w.org\/{rel}","templated":true}]}}